{"id":1538,"date":"2024-07-24T18:37:34","date_gmt":"2024-07-24T18:37:34","guid":{"rendered":"https:\/\/ecoleinternationaledekigali.rw\/?page_id=1538"},"modified":"2024-08-16T10:38:18","modified_gmt":"2024-08-16T10:38:18","slug":"about-2","status":"publish","type":"page","link":"https:\/\/ecoleinternationaledekigali.rw\/fr\/about-2\/","title":{"rendered":"\u00c0 propos de nous"},"content":{"rendered":"<div data-elementor-type=\"wp-page\" data-elementor-id=\"1538\" class=\"elementor elementor-1538\" data-elementor-post-type=\"page\">\n\t\t\t\t<div class=\"elementor-element elementor-element-63f1437 e-flex e-con-boxed e-con e-parent\" data-id=\"63f1437\" data-element_type=\"container\" data-e-type=\"container\" data-settings=\"{&quot;background_background&quot;:&quot;classic&quot;}\">\n\t\t\t\t\t<div class=\"e-con-inner\">\n\t\t\t\t<div class=\"elementor-element elementor-element-1ae7f2a elementor-widget elementor-widget-heading\" data-id=\"1ae7f2a\" data-element_type=\"widget\" data-e-type=\"widget\" data-widget_type=\"heading.default\">\n\t\t\t\t<div class=\"elementor-widget-container\">\n\t\t\t\t\t<h2 class=\"elementor-heading-title elementor-size-default\">\u00c0 propos de nous<\/h2>\t\t\t\t<\/div>\n\t\t\t\t<\/div>\n\t\t\t\t\t<\/div>\n\t\t\t\t<\/div>\n\t\t<div class=\"elementor-element elementor-element-a29d475 e-flex e-con-boxed e-con e-parent\" data-id=\"a29d475\" data-element_type=\"container\" data-e-type=\"container\">\n\t\t\t\t\t<div class=\"e-con-inner\">\n\t\t<div class=\"elementor-element elementor-element-4357c83 e-con-full e-flex e-con e-child\" data-id=\"4357c83\" data-element_type=\"container\" data-e-type=\"container\">\n\t\t\t\t<div class=\"elementor-element elementor-element-533719c elementor-widget elementor-widget-image\" data-id=\"533719c\" data-element_type=\"widget\" data-e-type=\"widget\" data-widget_type=\"image.default\">\n\t\t\t\t<div class=\"elementor-widget-container\">\n\t\t\t\t\t\t\t\t\t\t\t\t\t\t\t<img fetchpriority=\"high\" decoding=\"async\" width=\"1024\" height=\"576\" src=\"https:\/\/ecoleinternationaledekigali.rw\/wp-content\/uploads\/2024\/07\/Image70-1024x576.jpg\" class=\"attachment-large size-large wp-image-1552\" alt=\"\" srcset=\"https:\/\/ecoleinternationaledekigali.rw\/wp-content\/uploads\/2024\/07\/Image70-1024x576.jpg 1024w, https:\/\/ecoleinternationaledekigali.rw\/wp-content\/uploads\/2024\/07\/Image70-300x169.jpg 300w, https:\/\/ecoleinternationaledekigali.rw\/wp-content\/uploads\/2024\/07\/Image70-768x432.jpg 768w, https:\/\/ecoleinternationaledekigali.rw\/wp-content\/uploads\/2024\/07\/Image70.jpg 1366w\" sizes=\"(max-width: 1024px) 100vw, 1024px\" \/>\t\t\t\t\t\t\t\t\t\t\t\t\t\t\t<\/div>\n\t\t\t\t<\/div>\n\t\t\t\t<div class=\"elementor-element elementor-element-60ca71d elementor-widget elementor-widget-image\" data-id=\"60ca71d\" data-element_type=\"widget\" data-e-type=\"widget\" data-widget_type=\"image.default\">\n\t\t\t\t<div class=\"elementor-widget-container\">\n\t\t\t\t\t\t\t\t\t\t\t\t\t\t\t<img decoding=\"async\" width=\"1024\" height=\"576\" src=\"https:\/\/ecoleinternationaledekigali.rw\/wp-content\/uploads\/2024\/07\/Image50-1024x576.jpg\" class=\"attachment-large size-large wp-image-1553\" alt=\"\" srcset=\"https:\/\/ecoleinternationaledekigali.rw\/wp-content\/uploads\/2024\/07\/Image50-1024x576.jpg 1024w, https:\/\/ecoleinternationaledekigali.rw\/wp-content\/uploads\/2024\/07\/Image50-300x169.jpg 300w, https:\/\/ecoleinternationaledekigali.rw\/wp-content\/uploads\/2024\/07\/Image50-768x432.jpg 768w, https:\/\/ecoleinternationaledekigali.rw\/wp-content\/uploads\/2024\/07\/Image50.jpg 1366w\" sizes=\"(max-width: 1024px) 100vw, 1024px\" \/>\t\t\t\t\t\t\t\t\t\t\t\t\t\t\t<\/div>\n\t\t\t\t<\/div>\n\t\t\t\t<\/div>\n\t\t<div class=\"elementor-element elementor-element-fb73903 e-con-full e-flex e-con e-child\" data-id=\"fb73903\" data-element_type=\"container\" data-e-type=\"container\">\n\t\t<div class=\"elementor-element elementor-element-732666a e-con-full e-flex e-con e-child\" data-id=\"732666a\" data-element_type=\"container\" data-e-type=\"container\">\n\t\t\t\t<\/div>\n\t\t\t\t<div class=\"elementor-element elementor-element-76b84d6 elementor-widget elementor-widget-heading\" data-id=\"76b84d6\" data-element_type=\"widget\" data-e-type=\"widget\" data-widget_type=\"heading.default\">\n\t\t\t\t<div class=\"elementor-widget-container\">\n\t\t\t\t\t<h2 class=\"elementor-heading-title elementor-size-default\">Ecole Internationale de Kigali<\/h2>\t\t\t\t<\/div>\n\t\t\t\t<\/div>\n\t\t\t\t<div class=\"elementor-element elementor-element-1452a55 elementor-widget elementor-widget-text-editor\" data-id=\"1452a55\" data-element_type=\"widget\" data-e-type=\"widget\" data-widget_type=\"text-editor.default\">\n\t\t\t\t<div class=\"elementor-widget-container\">\n\t\t\t\t\t\t\t\t\t<ol><li><p><strong>NOTRE VISION<\/strong><\/p><p>Faire de l\u2019E.I.K. le germoir pour l\u2019\u00e9closion intellectuelle de nos \u00e9l\u00e8ves ainsi qu\u2019un lieu privil\u00e9gi\u00e9 pour acqu\u00e9rir toute perfection dont chaque \u00e9l\u00e8ve est capable<\/p><p><strong>NOTRE MISSION<\/strong><\/p><p>Offrir un environnement qui concilie et harmonise les deux p\u00f4les \u00e9ducatifs : \u201cpersonnaliser\u201d et \u201csocialiser\u201d.  Un excellent espace o\u00f9 l\u2019enfant est capable d\u2019exprimer toutes ses aspirations.<\/p><p><strong>DEVISE:<\/strong> \u201cL\u2019action avant tout\u201d<\/p><\/li><\/ol>\t\t\t\t\t\t\t\t<\/div>\n\t\t\t\t<\/div>\n\t\t\t\t<\/div>\n\t\t\t\t\t<\/div>\n\t\t\t\t<\/div>\n\t\t<div class=\"elementor-element elementor-element-aae7b5e e-flex e-con-boxed e-con e-parent\" data-id=\"aae7b5e\" data-element_type=\"container\" data-e-type=\"container\">\n\t\t\t\t\t<div class=\"e-con-inner\">\n\t\t\t\t<div class=\"elementor-element elementor-element-b50ca9e elementor-widget-divider--view-line elementor-widget elementor-widget-divider\" data-id=\"b50ca9e\" data-element_type=\"widget\" data-e-type=\"widget\" data-widget_type=\"divider.default\">\n\t\t\t\t<div class=\"elementor-widget-container\">\n\t\t\t\t\t\t\t<div class=\"elementor-divider\">\n\t\t\t<span class=\"elementor-divider-separator\">\n\t\t\t\t\t\t<\/span>\n\t\t<\/div>\n\t\t\t\t\t\t<\/div>\n\t\t\t\t<\/div>\n\t\t\t\t\t<\/div>\n\t\t\t\t<\/div>\n\t\t<div class=\"elementor-element elementor-element-5661486 e-flex e-con-boxed e-con e-parent\" data-id=\"5661486\" data-element_type=\"container\" data-e-type=\"container\">\n\t\t\t\t\t<div class=\"e-con-inner\">\n\t\t\t\t<div class=\"elementor-element elementor-element-893d5ec elementor-widget elementor-widget-heading\" data-id=\"893d5ec\" data-element_type=\"widget\" data-e-type=\"widget\" id=\"eikstaff\" data-widget_type=\"heading.default\">\n\t\t\t\t<div class=\"elementor-widget-container\">\n\t\t\t\t\t<h2 class=\"elementor-heading-title elementor-size-default\">Rencontrez Notre Personnel Exceptionnel<\/h2>\t\t\t\t<\/div>\n\t\t\t\t<\/div>\n\t\t\t\t\t<\/div>\n\t\t\t\t<\/div>\n\t\t<div class=\"elementor-element elementor-element-567b252 e-flex e-con-boxed e-con e-parent\" data-id=\"567b252\" data-element_type=\"container\" data-e-type=\"container\">\n\t\t\t\t\t<div class=\"e-con-inner\">\n\t\t<div class=\"elementor-element elementor-element-600508b e-con-full e-flex e-con e-child\" data-id=\"600508b\" data-element_type=\"container\" data-e-type=\"container\">\n\t\t<div class=\"elementor-element elementor-element-3fc0e60 e-con-full e-flex e-con e-child\" data-id=\"3fc0e60\" data-element_type=\"container\" data-e-type=\"container\">\n\t\t\t\t<div class=\"elementor-element elementor-element-f5655bd elementor-widget elementor-widget-image\" data-id=\"f5655bd\" data-element_type=\"widget\" data-e-type=\"widget\" data-settings=\"{&quot;_animation&quot;:&quot;none&quot;}\" data-widget_type=\"image.default\">\n\t\t\t\t<div class=\"elementor-widget-container\">\n\t\t\t\t\t\t\t\t\t\t\t\t\t\t\t<img decoding=\"async\" width=\"882\" height=\"984\" src=\"https:\/\/ecoleinternationaledekigali.rw\/wp-content\/uploads\/2024\/08\/AV9C9417Web.jpg\" class=\"attachment-large size-large wp-image-1981\" alt=\"\" srcset=\"https:\/\/ecoleinternationaledekigali.rw\/wp-content\/uploads\/2024\/08\/AV9C9417Web.jpg 882w, https:\/\/ecoleinternationaledekigali.rw\/wp-content\/uploads\/2024\/08\/AV9C9417Web-269x300.jpg 269w, https:\/\/ecoleinternationaledekigali.rw\/wp-content\/uploads\/2024\/08\/AV9C9417Web-768x857.jpg 768w\" sizes=\"(max-width: 882px) 100vw, 882px\" \/>\t\t\t\t\t\t\t\t\t\t\t\t\t\t\t<\/div>\n\t\t\t\t<\/div>\n\t\t\t\t<div class=\"elementor-element elementor-element-a93a3ea elementor-widget elementor-widget-text-editor\" data-id=\"a93a3ea\" data-element_type=\"widget\" data-e-type=\"widget\" data-widget_type=\"text-editor.default\">\n\t\t\t\t<div class=\"elementor-widget-container\">\n\t\t\t\t\t\t\t\t\t<p><strong>School Director<br \/><\/strong><\/p><p>KALISA Jimmy<\/p>\t\t\t\t\t\t\t\t<\/div>\n\t\t\t\t<\/div>\n\t\t\t\t<\/div>\n\t\t<div class=\"elementor-element elementor-element-1ea3982 e-con-full e-flex e-con e-child\" data-id=\"1ea3982\" data-element_type=\"container\" data-e-type=\"container\">\n\t\t\t\t<div class=\"elementor-element elementor-element-4e1bdf9 elementor-widget elementor-widget-text-editor\" data-id=\"4e1bdf9\" data-element_type=\"widget\" data-e-type=\"widget\" data-widget_type=\"text-editor.default\">\n\t\t\t\t<div class=\"elementor-widget-container\">\n\t\t\t\t\t\t\t\t\t<p>Ch\u00e8re Communaut\u00e9 de l'\u00c9cole Internationale de Kigali,<br \/>C'est avec une grande fiert\u00e9 que je vous adresse ce message pour partager notre vision, notre mission et l'histoire remarquable de notre \u00e9cole.<\/p><p>Notre \u00e9tablissement a \u00e9t\u00e9 fond\u00e9 en 1997 sur des principes solides, guid\u00e9s par une mission qui va au-del\u00e0 des fronti\u00e8res de la salle de classe. Nous aspirons \u00e0 offrir un environnement d'apprentissage dynamique et inclusif qui favorise le d\u00e9veloppement acad\u00e9mique, personnel et social de chaque \u00e9l\u00e8ve. Notre vision est de pr\u00e9parer les jeunes esprits \u00e0 devenir des citoyens comp\u00e9tents, curieux et ouverts sur le monde.<br \/>L'histoire de l'\u00c9cole Internationale de Kigali est celle d'une \u00e9volution continue, du d\u00e9vouement de notre personnel enseignant et administratif, et d'un engagement sans faille de nos \u00e9l\u00e8ves pour exceller dans leurs \u00e9tudes tout en cultivant une compr\u00e9hension profonde de la diversit\u00e9 culturelle et de l'unit\u00e9.<br \/>Notre institution a connu de nombreux succ\u00e8s, tant sur le plan acad\u00e9mique qu'en activit\u00e9s parascolaires, formant des leaders qui repoussent les fronti\u00e8res de l'innovation et du progr\u00e8s. C'est \u00e0 travers l'unit\u00e9 de notre communaut\u00e9, notre d\u00e9termination collective et notre engagement envers l'excellence que nous atteignons ces sommets.<br \/>Je suis convaincu que notre \u00e9cole continuera d'\u00eatre un phare de l'apprentissage, un creuset o\u00f9 se forgent des esprits brillants et des c\u0153urs bienveillants, contribuant ainsi au monde de demain.<\/p><p>Je vous remercie pour votre soutien ind\u00e9fectible et votre confiance en notre \u00e9cole.<\/p>\t\t\t\t\t\t\t\t<\/div>\n\t\t\t\t<\/div>\n\t\t\t\t<\/div>\n\t\t\t\t<\/div>\n\t\t\t\t\t<\/div>\n\t\t\t\t<\/div>\n\t\t\t\t<section class=\"elementor-section elementor-top-section elementor-element elementor-element-1621afc elementor-section-boxed elementor-section-height-default elementor-section-height-default\" data-id=\"1621afc\" data-element_type=\"section\" data-e-type=\"section\" data-settings=\"{&quot;background_background&quot;:&quot;classic&quot;}\">\n\t\t\t\t\t\t<div class=\"elementor-container elementor-column-gap-default\">\n\t\t\t\t\t<div class=\"elementor-column elementor-col-100 elementor-top-column elementor-element elementor-element-eb58072\" data-id=\"eb58072\" data-element_type=\"column\" data-e-type=\"column\">\n\t\t\t<div class=\"elementor-widget-wrap elementor-element-populated\">\n\t\t\t\t\t\t<div class=\"elementor-element elementor-element-13827a6 elementor-widget elementor-widget-image\" data-id=\"13827a6\" data-element_type=\"widget\" data-e-type=\"widget\" data-widget_type=\"image.default\">\n\t\t\t\t<div class=\"elementor-widget-container\">\n\t\t\t\t\t\t\t\t\t\t\t\t\t\t\t<img loading=\"lazy\" decoding=\"async\" width=\"1024\" height=\"591\" src=\"https:\/\/ecoleinternationaledekigali.rw\/wp-content\/uploads\/2024\/08\/Stff_Mp-1024x591.jpg\" class=\"attachment-large size-large wp-image-1982\" alt=\"\" srcset=\"https:\/\/ecoleinternationaledekigali.rw\/wp-content\/uploads\/2024\/08\/Stff_Mp-1024x591.jpg 1024w, https:\/\/ecoleinternationaledekigali.rw\/wp-content\/uploads\/2024\/08\/Stff_Mp-300x173.jpg 300w, https:\/\/ecoleinternationaledekigali.rw\/wp-content\/uploads\/2024\/08\/Stff_Mp-768x443.jpg 768w, https:\/\/ecoleinternationaledekigali.rw\/wp-content\/uploads\/2024\/08\/Stff_Mp-1536x886.jpg 1536w, https:\/\/ecoleinternationaledekigali.rw\/wp-content\/uploads\/2024\/08\/Stff_Mp-2048x1182.jpg 2048w\" sizes=\"(max-width: 1024px) 100vw, 1024px\" \/>\t\t\t\t\t\t\t\t\t\t\t\t\t\t\t<\/div>\n\t\t\t\t<\/div>\n\t\t\t\t<div class=\"elementor-element elementor-element-584d036 elementor-widget elementor-widget-text-editor\" data-id=\"584d036\" data-element_type=\"widget\" data-e-type=\"widget\" data-widget_type=\"text-editor.default\">\n\t\t\t\t<div class=\"elementor-widget-container\">\n\t\t\t\t\t\t\t\t\t<p>Membres de notre personnel<\/p>\t\t\t\t\t\t\t\t<\/div>\n\t\t\t\t<\/div>\n\t\t\t\t<section class=\"elementor-section elementor-inner-section elementor-element elementor-element-9d7772d elementor-section-boxed elementor-section-height-default elementor-section-height-default\" data-id=\"9d7772d\" data-element_type=\"section\" data-e-type=\"section\">\n\t\t\t\t\t\t<div class=\"elementor-container elementor-column-gap-default\">\n\t\t\t\t\t<div class=\"elementor-column elementor-col-100 elementor-inner-column elementor-element elementor-element-5c3288a\" data-id=\"5c3288a\" data-element_type=\"column\" data-e-type=\"column\">\n\t\t\t<div class=\"elementor-widget-wrap elementor-element-populated\">\n\t\t\t\t\t\t<div class=\"elementor-element elementor-element-4cd3e4f elementor-widget elementor-widget-heading\" data-id=\"4cd3e4f\" data-element_type=\"widget\" data-e-type=\"widget\" data-widget_type=\"heading.default\">\n\t\t\t\t<div class=\"elementor-widget-container\">\n\t\t\t\t\t<h2 class=\"elementor-heading-title elementor-size-default\">Questions Fr\u00e9quemment Pos\u00e9es (FAQ)<\/h2>\t\t\t\t<\/div>\n\t\t\t\t<\/div>\n\t\t\t\t<div class=\"elementor-element elementor-element-01fb512 elementor-widget elementor-widget-image\" data-id=\"01fb512\" data-element_type=\"widget\" data-e-type=\"widget\" data-widget_type=\"image.default\">\n\t\t\t\t<div class=\"elementor-widget-container\">\n\t\t\t\t\t\t\t\t\t\t\t\t\t\t\t<img loading=\"lazy\" decoding=\"async\" width=\"966\" height=\"97\" src=\"https:\/\/ecoleinternationaledekigali.rw\/wp-content\/uploads\/2024\/07\/Line.png\" class=\"attachment-large size-large wp-image-1339\" alt=\"\" srcset=\"https:\/\/ecoleinternationaledekigali.rw\/wp-content\/uploads\/2024\/07\/Line.png 966w, https:\/\/ecoleinternationaledekigali.rw\/wp-content\/uploads\/2024\/07\/Line-300x30.png 300w, https:\/\/ecoleinternationaledekigali.rw\/wp-content\/uploads\/2024\/07\/Line-768x77.png 768w\" sizes=\"(max-width: 966px) 100vw, 966px\" \/>\t\t\t\t\t\t\t\t\t\t\t\t\t\t\t<\/div>\n\t\t\t\t<\/div>\n\t\t\t\t\t<\/div>\n\t\t<\/div>\n\t\t\t\t\t<\/div>\n\t\t<\/section>\n\t\t\t\t<section class=\"elementor-section elementor-inner-section elementor-element elementor-element-3cf4a76 elementor-section-boxed elementor-section-height-default elementor-section-height-default\" data-id=\"3cf4a76\" data-element_type=\"section\" data-e-type=\"section\">\n\t\t\t\t\t\t<div class=\"elementor-container elementor-column-gap-default\">\n\t\t\t\t\t<div class=\"elementor-column elementor-col-50 elementor-inner-column elementor-element elementor-element-0d8b869\" data-id=\"0d8b869\" data-element_type=\"column\" data-e-type=\"column\">\n\t\t\t<div class=\"elementor-widget-wrap elementor-element-populated\">\n\t\t\t\t\t\t<div class=\"elementor-element elementor-element-00b9bb7 elementor-widget elementor-widget-accordion\" data-id=\"00b9bb7\" data-element_type=\"widget\" data-e-type=\"widget\" data-widget_type=\"accordion.default\">\n\t\t\t\t<div class=\"elementor-widget-container\">\n\t\t\t\t\t\t\t<div class=\"elementor-accordion\">\n\t\t\t\t\t\t\t<div class=\"elementor-accordion-item\">\n\t\t\t\t\t<div id=\"elementor-tab-title-7601\" class=\"elementor-tab-title\" data-tab=\"1\" role=\"button\" aria-controls=\"elementor-tab-content-7601\" aria-expanded=\"false\">\n\t\t\t\t\t\t\t\t\t\t\t\t\t<span class=\"elementor-accordion-icon elementor-accordion-icon-left\" aria-hidden=\"true\">\n\t\t\t\t\t\t\t\t\t\t\t\t\t\t\t<span class=\"elementor-accordion-icon-closed\"><svg class=\"e-font-icon-svg e-fas-plus\" viewbox=\"0 0 448 512\" xmlns=\"http:\/\/www.w3.org\/2000\/svg\"><path d=\"M416 208H272V64c0-17.67-14.33-32-32-32h-32c-17.67 0-32 14.33-32 32v144H32c-17.67 0-32 14.33-32 32v32c0 17.67 14.33 32 32 32h144v144c0 17.67 14.33 32 32 32h32c17.67 0 32-14.33 32-32V304h144c17.67 0 32-14.33 32-32v-32c0-17.67-14.33-32-32-32z\"><\/path><\/svg><\/span>\n\t\t\t\t\t\t\t\t<span class=\"elementor-accordion-icon-opened\"><svg class=\"e-font-icon-svg e-fas-minus\" viewbox=\"0 0 448 512\" xmlns=\"http:\/\/www.w3.org\/2000\/svg\"><path d=\"M416 208H32c-17.67 0-32 14.33-32 32v32c0 17.67 14.33 32 32 32h384c17.67 0 32-14.33 32-32v-32c0-17.67-14.33-32-32-32z\"><\/path><\/svg><\/span>\n\t\t\t\t\t\t\t\t\t\t\t\t\t\t<\/span>\n\t\t\t\t\t\t\t\t\t\t\t\t<a class=\"elementor-accordion-title\" tabindex=\"0\">Quels programmes \u00e9ducatifs propose l' EIK<\/a>\n\t\t\t\t\t<\/div>\n\t\t\t\t\t<div id=\"elementor-tab-content-7601\" class=\"elementor-tab-content elementor-clearfix\" data-tab=\"1\" role=\"region\" aria-labelledby=\"elementor-tab-title-7601\"><p>L'\u00c9cole Internationale de Kigali propose \u00e0 la fois le Programme du minist\u00e8re de l\u2019\u00e9ducation national fran\u00e7ais et les programmes MINEDUC rwandais, assurant une \u00e9ducation compl\u00e8te et bilingue \u00e0 nos \u00e9l\u00e8ves.<\/p><\/div>\n\t\t\t\t<\/div>\n\t\t\t\t\t\t\t<div class=\"elementor-accordion-item\">\n\t\t\t\t\t<div id=\"elementor-tab-title-7602\" class=\"elementor-tab-title\" data-tab=\"2\" role=\"button\" aria-controls=\"elementor-tab-content-7602\" aria-expanded=\"false\">\n\t\t\t\t\t\t\t\t\t\t\t\t\t<span class=\"elementor-accordion-icon elementor-accordion-icon-left\" aria-hidden=\"true\">\n\t\t\t\t\t\t\t\t\t\t\t\t\t\t\t<span class=\"elementor-accordion-icon-closed\"><svg class=\"e-font-icon-svg e-fas-plus\" viewbox=\"0 0 448 512\" xmlns=\"http:\/\/www.w3.org\/2000\/svg\"><path d=\"M416 208H272V64c0-17.67-14.33-32-32-32h-32c-17.67 0-32 14.33-32 32v144H32c-17.67 0-32 14.33-32 32v32c0 17.67 14.33 32 32 32h144v144c0 17.67 14.33 32 32 32h32c17.67 0 32-14.33 32-32V304h144c17.67 0 32-14.33 32-32v-32c0-17.67-14.33-32-32-32z\"><\/path><\/svg><\/span>\n\t\t\t\t\t\t\t\t<span class=\"elementor-accordion-icon-opened\"><svg class=\"e-font-icon-svg e-fas-minus\" viewbox=\"0 0 448 512\" xmlns=\"http:\/\/www.w3.org\/2000\/svg\"><path d=\"M416 208H32c-17.67 0-32 14.33-32 32v32c0 17.67 14.33 32 32 32h384c17.67 0 32-14.33 32-32v-32c0-17.67-14.33-32-32-32z\"><\/path><\/svg><\/span>\n\t\t\t\t\t\t\t\t\t\t\t\t\t\t<\/span>\n\t\t\t\t\t\t\t\t\t\t\t\t<a class=\"elementor-accordion-title\" tabindex=\"0\">Quelle est l\u2019approche de l\u2019\u00e9cole en mati\u00e8re d\u2019enseignement des langues ?<\/a>\n\t\t\t\t\t<\/div>\n\t\t\t\t\t<div id=\"elementor-tab-content-7602\" class=\"elementor-tab-content elementor-clearfix\" data-tab=\"2\" role=\"region\" aria-labelledby=\"elementor-tab-title-7602\"><p>Notre programme inclut l\u2019enseignement du fran\u00e7ais, de l\u2019anglais et du kinyarwanda, offrant une \u00e9ducation trilingue qui renforce les comp\u00e9tences linguistiques des \u00e9l\u00e8ves et les pr\u00e9pare \u00e0 un monde globalis\u00e9.<\/p><\/div>\n\t\t\t\t<\/div>\n\t\t\t\t\t\t\t<div class=\"elementor-accordion-item\">\n\t\t\t\t\t<div id=\"elementor-tab-title-7603\" class=\"elementor-tab-title\" data-tab=\"3\" role=\"button\" aria-controls=\"elementor-tab-content-7603\" aria-expanded=\"false\">\n\t\t\t\t\t\t\t\t\t\t\t\t\t<span class=\"elementor-accordion-icon elementor-accordion-icon-left\" aria-hidden=\"true\">\n\t\t\t\t\t\t\t\t\t\t\t\t\t\t\t<span class=\"elementor-accordion-icon-closed\"><svg class=\"e-font-icon-svg e-fas-plus\" viewbox=\"0 0 448 512\" xmlns=\"http:\/\/www.w3.org\/2000\/svg\"><path d=\"M416 208H272V64c0-17.67-14.33-32-32-32h-32c-17.67 0-32 14.33-32 32v144H32c-17.67 0-32 14.33-32 32v32c0 17.67 14.33 32 32 32h144v144c0 17.67 14.33 32 32 32h32c17.67 0 32-14.33 32-32V304h144c17.67 0 32-14.33 32-32v-32c0-17.67-14.33-32-32-32z\"><\/path><\/svg><\/span>\n\t\t\t\t\t\t\t\t<span class=\"elementor-accordion-icon-opened\"><svg class=\"e-font-icon-svg e-fas-minus\" viewbox=\"0 0 448 512\" xmlns=\"http:\/\/www.w3.org\/2000\/svg\"><path d=\"M416 208H32c-17.67 0-32 14.33-32 32v32c0 17.67 14.33 32 32 32h384c17.67 0 32-14.33 32-32v-32c0-17.67-14.33-32-32-32z\"><\/path><\/svg><\/span>\n\t\t\t\t\t\t\t\t\t\t\t\t\t\t<\/span>\n\t\t\t\t\t\t\t\t\t\t\t\t<a class=\"elementor-accordion-title\" tabindex=\"0\">Quels sont les horaires de l\u2019\u00e9cole ?<\/a>\n\t\t\t\t\t<\/div>\n\t\t\t\t\t<div id=\"elementor-tab-content-7603\" class=\"elementor-tab-content elementor-clearfix\" data-tab=\"3\" role=\"region\" aria-labelledby=\"elementor-tab-title-7603\"><p>Les cours se d\u00e9roulent g\u00e9n\u00e9ralement de 8h30 \u00e0 17h00, du lundi au vendredi. Il peut y avoir des variations en fonction du niveau et des besoins sp\u00e9cifiques du programme.<\/p><\/div>\n\t\t\t\t<\/div>\n\t\t\t\t\t\t\t\t<\/div>\n\t\t\t\t\t\t<\/div>\n\t\t\t\t<\/div>\n\t\t\t\t\t<\/div>\n\t\t<\/div>\n\t\t\t\t<div class=\"elementor-column elementor-col-50 elementor-inner-column elementor-element elementor-element-bfaf31b\" data-id=\"bfaf31b\" data-element_type=\"column\" data-e-type=\"column\">\n\t\t\t<div class=\"elementor-widget-wrap elementor-element-populated\">\n\t\t\t\t\t\t<div class=\"elementor-element elementor-element-82e35df elementor-widget elementor-widget-accordion\" data-id=\"82e35df\" data-element_type=\"widget\" data-e-type=\"widget\" data-widget_type=\"accordion.default\">\n\t\t\t\t<div class=\"elementor-widget-container\">\n\t\t\t\t\t\t\t<div class=\"elementor-accordion\">\n\t\t\t\t\t\t\t<div class=\"elementor-accordion-item\">\n\t\t\t\t\t<div id=\"elementor-tab-title-1371\" class=\"elementor-tab-title\" data-tab=\"1\" role=\"button\" aria-controls=\"elementor-tab-content-1371\" aria-expanded=\"false\">\n\t\t\t\t\t\t\t\t\t\t\t\t\t<span class=\"elementor-accordion-icon elementor-accordion-icon-left\" aria-hidden=\"true\">\n\t\t\t\t\t\t\t\t\t\t\t\t\t\t\t<span class=\"elementor-accordion-icon-closed\"><svg class=\"e-font-icon-svg e-fas-plus\" viewbox=\"0 0 448 512\" xmlns=\"http:\/\/www.w3.org\/2000\/svg\"><path d=\"M416 208H272V64c0-17.67-14.33-32-32-32h-32c-17.67 0-32 14.33-32 32v144H32c-17.67 0-32 14.33-32 32v32c0 17.67 14.33 32 32 32h144v144c0 17.67 14.33 32 32 32h32c17.67 0 32-14.33 32-32V304h144c17.67 0 32-14.33 32-32v-32c0-17.67-14.33-32-32-32z\"><\/path><\/svg><\/span>\n\t\t\t\t\t\t\t\t<span class=\"elementor-accordion-icon-opened\"><svg class=\"e-font-icon-svg e-fas-minus\" viewbox=\"0 0 448 512\" xmlns=\"http:\/\/www.w3.org\/2000\/svg\"><path d=\"M416 208H32c-17.67 0-32 14.33-32 32v32c0 17.67 14.33 32 32 32h384c17.67 0 32-14.33 32-32v-32c0-17.67-14.33-32-32-32z\"><\/path><\/svg><\/span>\n\t\t\t\t\t\t\t\t\t\t\t\t\t\t<\/span>\n\t\t\t\t\t\t\t\t\t\t\t\t<a class=\"elementor-accordion-title\" tabindex=\"0\">Comment l\u2019\u00e9cole soutient-elle les \u00e9l\u00e8ves ayant des besoins sp\u00e9ciaux ?<\/a>\n\t\t\t\t\t<\/div>\n\t\t\t\t\t<div id=\"elementor-tab-content-1371\" class=\"elementor-tab-content elementor-clearfix\" data-tab=\"1\" role=\"region\" aria-labelledby=\"elementor-tab-title-1371\"><p>L'\u00c9cole Internationale de Kigali est engag\u00e9e dans l'\u00e9ducation inclusive. Nous offrons un soutien et des ressources adapt\u00e9s pour garantir que chaque \u00e9l\u00e8ve re\u00e7oit l'aide n\u00e9cessaire \u00e0 sa r\u00e9ussite.<\/p><\/div>\n\t\t\t\t<\/div>\n\t\t\t\t\t\t\t<div class=\"elementor-accordion-item\">\n\t\t\t\t\t<div id=\"elementor-tab-title-1372\" class=\"elementor-tab-title\" data-tab=\"2\" role=\"button\" aria-controls=\"elementor-tab-content-1372\" aria-expanded=\"false\">\n\t\t\t\t\t\t\t\t\t\t\t\t\t<span class=\"elementor-accordion-icon elementor-accordion-icon-left\" aria-hidden=\"true\">\n\t\t\t\t\t\t\t\t\t\t\t\t\t\t\t<span class=\"elementor-accordion-icon-closed\"><svg class=\"e-font-icon-svg e-fas-plus\" viewbox=\"0 0 448 512\" xmlns=\"http:\/\/www.w3.org\/2000\/svg\"><path d=\"M416 208H272V64c0-17.67-14.33-32-32-32h-32c-17.67 0-32 14.33-32 32v144H32c-17.67 0-32 14.33-32 32v32c0 17.67 14.33 32 32 32h144v144c0 17.67 14.33 32 32 32h32c17.67 0 32-14.33 32-32V304h144c17.67 0 32-14.33 32-32v-32c0-17.67-14.33-32-32-32z\"><\/path><\/svg><\/span>\n\t\t\t\t\t\t\t\t<span class=\"elementor-accordion-icon-opened\"><svg class=\"e-font-icon-svg e-fas-minus\" viewbox=\"0 0 448 512\" xmlns=\"http:\/\/www.w3.org\/2000\/svg\"><path d=\"M416 208H32c-17.67 0-32 14.33-32 32v32c0 17.67 14.33 32 32 32h384c17.67 0 32-14.33 32-32v-32c0-17.67-14.33-32-32-32z\"><\/path><\/svg><\/span>\n\t\t\t\t\t\t\t\t\t\t\t\t\t\t<\/span>\n\t\t\t\t\t\t\t\t\t\t\t\t<a class=\"elementor-accordion-title\" tabindex=\"0\">Y a-t-il des activit\u00e9s parascolaires disponibles ?<\/a>\n\t\t\t\t\t<\/div>\n\t\t\t\t\t<div id=\"elementor-tab-content-1372\" class=\"elementor-tab-content elementor-clearfix\" data-tab=\"2\" role=\"region\" aria-labelledby=\"elementor-tab-title-1372\"><p>Oui, nous proposons diverses activit\u00e9s parascolaires, y compris des sports, des arts et des programmes culturels, pour compl\u00e9ter le programme acad\u00e9mique et soutenir le d\u00e9veloppement global de nos \u00e9l\u00e8ves.<\/p><\/div>\n\t\t\t\t<\/div>\n\t\t\t\t\t\t\t<div class=\"elementor-accordion-item\">\n\t\t\t\t\t<div id=\"elementor-tab-title-1373\" class=\"elementor-tab-title\" data-tab=\"3\" role=\"button\" aria-controls=\"elementor-tab-content-1373\" aria-expanded=\"false\">\n\t\t\t\t\t\t\t\t\t\t\t\t\t<span class=\"elementor-accordion-icon elementor-accordion-icon-left\" aria-hidden=\"true\">\n\t\t\t\t\t\t\t\t\t\t\t\t\t\t\t<span class=\"elementor-accordion-icon-closed\"><svg class=\"e-font-icon-svg e-fas-plus\" viewbox=\"0 0 448 512\" xmlns=\"http:\/\/www.w3.org\/2000\/svg\"><path d=\"M416 208H272V64c0-17.67-14.33-32-32-32h-32c-17.67 0-32 14.33-32 32v144H32c-17.67 0-32 14.33-32 32v32c0 17.67 14.33 32 32 32h144v144c0 17.67 14.33 32 32 32h32c17.67 0 32-14.33 32-32V304h144c17.67 0 32-14.33 32-32v-32c0-17.67-14.33-32-32-32z\"><\/path><\/svg><\/span>\n\t\t\t\t\t\t\t\t<span class=\"elementor-accordion-icon-opened\"><svg class=\"e-font-icon-svg e-fas-minus\" viewbox=\"0 0 448 512\" xmlns=\"http:\/\/www.w3.org\/2000\/svg\"><path d=\"M416 208H32c-17.67 0-32 14.33-32 32v32c0 17.67 14.33 32 32 32h384c17.67 0 32-14.33 32-32v-32c0-17.67-14.33-32-32-32z\"><\/path><\/svg><\/span>\n\t\t\t\t\t\t\t\t\t\t\t\t\t\t<\/span>\n\t\t\t\t\t\t\t\t\t\t\t\t<a class=\"elementor-accordion-title\" tabindex=\"0\">Quel est le processus d'inscription pour les nouveaux \u00e9l\u00e8ves ?<\/a>\n\t\t\t\t\t<\/div>\n\t\t\t\t\t<div id=\"elementor-tab-content-1373\" class=\"elementor-tab-content elementor-clearfix\" data-tab=\"3\" role=\"region\" aria-labelledby=\"elementor-tab-title-1373\"><p>Pour inscrire votre enfant, veuillez visiter notre bureau des admissions ou notre site web pour des informations d\u00e9taill\u00e9es sur les proc\u00e9dures de candidature, les documents requis et les d\u00e9lais.<\/p><\/div>\n\t\t\t\t<\/div>\n\t\t\t\t\t\t\t\t<\/div>\n\t\t\t\t\t\t<\/div>\n\t\t\t\t<\/div>\n\t\t\t\t\t<\/div>\n\t\t<\/div>\n\t\t\t\t\t<\/div>\n\t\t<\/section>\n\t\t\t\t\t<\/div>\n\t\t<\/div>\n\t\t\t\t\t<\/div>\n\t\t<\/section>\n\t\t\t\t<\/div>","protected":false},"excerpt":{"rendered":"<p>About us Ecole Internationale de Kigali OUR VISION To make E.I.K. the seedbed for the intellectual blossoming of our students as well as a privileged place for each student to achieve their fullest potential. OUR MISSION To provide an environment that reconciles and harmonizes the two educational pillars: &#8220;personalization&#8221; and &#8220;socialization.&#8221; An excellent space where<span class=\"post-excerpt-end\">&hellip;<\/span><\/p>\n<p class=\"more-link\"><a href=\"https:\/\/ecoleinternationaledekigali.rw\/fr\/about-2\/\" class=\"themebutton\">Read More<\/a><\/p>","protected":false},"author":1,"featured_media":0,"parent":0,"menu_order":0,"comment_status":"closed","ping_status":"closed","template":"","meta":{"_monsterinsights_skip_tracking":false,"_monsterinsights_sitenote_active":false,"_monsterinsights_sitenote_note":"","_monsterinsights_sitenote_category":0,"footnotes":""},"class_list":["post-1538","page","type-page","status-publish","hentry"],"aioseo_notices":[],"_links":{"self":[{"href":"https:\/\/ecoleinternationaledekigali.rw\/fr\/wp-json\/wp\/v2\/pages\/1538","targetHints":{"allow":["GET"]}}],"collection":[{"href":"https:\/\/ecoleinternationaledekigali.rw\/fr\/wp-json\/wp\/v2\/pages"}],"about":[{"href":"https:\/\/ecoleinternationaledekigali.rw\/fr\/wp-json\/wp\/v2\/types\/page"}],"author":[{"embeddable":true,"href":"https:\/\/ecoleinternationaledekigali.rw\/fr\/wp-json\/wp\/v2\/users\/1"}],"replies":[{"embeddable":true,"href":"https:\/\/ecoleinternationaledekigali.rw\/fr\/wp-json\/wp\/v2\/comments?post=1538"}],"version-history":[{"count":46,"href":"https:\/\/ecoleinternationaledekigali.rw\/fr\/wp-json\/wp\/v2\/pages\/1538\/revisions"}],"predecessor-version":[{"id":2016,"href":"https:\/\/ecoleinternationaledekigali.rw\/fr\/wp-json\/wp\/v2\/pages\/1538\/revisions\/2016"}],"wp:attachment":[{"href":"https:\/\/ecoleinternationaledekigali.rw\/fr\/wp-json\/wp\/v2\/media?parent=1538"}],"curies":[{"name":"wp","href":"https:\/\/api.w.org\/{rel}","templated":true}]}}